{"id":4206,"date":"2022-08-11T08:15:25","date_gmt":"2022-08-11T11:15:25","guid":{"rendered":"https:\/\/www.hospitalsanbernardo.com.ar\/web\/?post_type=product&#038;p=4206"},"modified":"2023-04-26T18:17:13","modified_gmt":"2023-04-26T21:17:13","slug":"inicia-la-semana-del-san-bernardo","status":"publish","type":"product","link":"https:\/\/www.hospitalsanbernardo.com.ar\/web\/noticias\/inicia-la-semana-del-san-bernardo\/","title":{"rendered":"Inicia la Semana del San Bernardo"},"content":{"rendered":"<p>Al cumplirse 62 a\u00f1os desde su fundaci\u00f3n, el hospital cabecera de la Provincia celebra su aniversario con una serie de actividades.<br \/>\nComo cada a\u00f1o, y al acercarse el 20 de agosto, d\u00eda de San Bernardo Abad, patrono del Hospital San Bernardo, se lleva adelante la \u201cSemana del San Bernardo\u201d.<br \/>\nEn esta oportunidad, la tradicional semana conmemorativa iniciar\u00e1 <strong>este viernes<\/strong>, con el Acto Inaugural, a las 9, con la presentaci\u00f3n de todas las actividades a desarrollar, desde el 12 al 20 de agosto. Luego se har\u00e1 el anuncio del balance social. Tras ello, se realizar\u00e1 la presentaci\u00f3n del Trail, organizado por la Fundaci\u00f3n San Bernardo dentro de este marco.<br \/>\nLas actividades se retomar\u00e1n el <strong>martes 16<\/strong>, a las 9, con la entrega de menciones de reconocimiento para el personal por su dedicaci\u00f3n y compromiso con la instituci\u00f3n. Luego, se realizar\u00e1 el sorteo de 5 medias becas, a quienes se inscribieron en la Maestr\u00eda en Gerenciamiento Integral de Servicios de Enfermer\u00eda, que llevar\u00e1 adelante la Universidad de Maim\u00f3nides en convenio con el hospital San Bernardo.<br \/>\nEl <strong>mi\u00e9rcoles 17<\/strong> las autoridades de la instituci\u00f3n har\u00e1n entrega de un presente a los trabajadores que han cumplido m\u00e1s de 25 a\u00f1os de servicio continuo, y a quienes se jubilaron en este \u00faltimo periodo. As\u00ed tambi\u00e9n habr\u00e1 reconocimientos \u201cin memoriam\u201d para los familiares del personal fallecido.<br \/>\nPor su parte,<strong> el jueves 18<\/strong> se entregar\u00e1 el Premio Anual de Trabajo Cient\u00edfico y el Premio Literario de la instituci\u00f3n. Tambi\u00e9n, en la misma jornada, se expondr\u00e1n los trabajos presentados por el personal del hospital.<br \/>\nEl Acto Central, que contar\u00e1 con la presencia de la Gerencia del San Bernardo, conjuntamente con las principales autoridades del Ministerio de Salud, gerentes de otras instituciones, entre otros invitados, se llevar\u00e1 adelante el <strong>viernes 19<\/strong>, a las 9, en el ingreso principal del nosocomio. Tras ello, se llevar\u00e1 adelante la tradicional misa y procesi\u00f3n. Para terminar la jornada, se compartir\u00e1 un catering con el personal de la instituci\u00f3n, en la playa de estacionamiento de Gerencia.<br \/>\nMientras que el <strong>s\u00e1bado 20<\/strong>, a las 9, se realizar\u00e1 un agasajo para el personal de fin de semana en el Hall Central del hospital.<br \/>\nTambi\u00e9n como parte de las actividades conmemorativas, el<strong> domingo 21<\/strong> se sortear\u00e1 el Segundo Bingo Hospital San Bernardo; y el <strong>domingo 28<\/strong>, se llevar\u00e1 adelante la Primera Edici\u00f3n del Trail San Bernardo.<br \/>\nSe recuerda a la comunidad que el Hospital San Bernardo es una instituci\u00f3n p\u00fablica de autogesti\u00f3n de alta complejidad, especializada en la atenci\u00f3n de agudos. Es tambi\u00e9n el centro formador de especialistas en salud m\u00e1s importante de la Provincia y cuenta con profesionales expertos y calificados en todos sus servicios.<\/p>\n","protected":false},"excerpt":{"rendered":"<p>11 Ago 2022<\/p>\n","protected":false},"featured_media":4208,"comment_status":"closed","ping_status":"closed","template":"","meta":{"_et_pb_use_builder":"","_et_pb_old_content":"","_et_gb_content_width":""},"product_cat":[18],"product_tag":[],"class_list":["post-4206","product","type-product","status-publish","has-post-thumbnail","hentry","product_cat-noticias"],"_links":{"self":[{"href":"https:\/\/www.hospitalsanbernardo.com.ar\/web\/wp-json\/wp\/v3\/product\/4206"}],"collection":[{"href":"https:\/\/www.hospitalsanbernardo.com.ar\/web\/wp-json\/wp\/v3\/product"}],"about":[{"href":"https:\/\/www.hospitalsanbernardo.com.ar\/web\/wp-json\/wp\/v2\/types\/product"}],"replies":[{"embeddable":true,"href":"https:\/\/www.hospitalsanbernardo.com.ar\/web\/wp-json\/wp\/v2\/comments?post=4206"}],"wp:featuredmedia":[{"embeddable":true,"href":"https:\/\/www.hospitalsanbernardo.com.ar\/web\/wp-json\/wp\/v2\/media\/4208"}],"wp:attachment":[{"href":"https:\/\/www.hospitalsanbernardo.com.ar\/web\/wp-json\/wp\/v2\/media?parent=4206"}],"wp:term":[{"taxonomy":"product_cat","embeddable":true,"href":"https:\/\/www.hospitalsanbernardo.com.ar\/web\/wp-json\/wp\/v2\/product_cat?post=4206"},{"taxonomy":"product_tag","embeddable":true,"href":"https:\/\/www.hospitalsanbernardo.com.ar\/web\/wp-json\/wp\/v2\/product_tag?post=4206"}],"curies":[{"name":"wp","href":"https:\/\/api.w.org\/{rel}","templated":true}]}}